{"id":192,"date":"2017-05-08T12:19:43","date_gmt":"2017-05-08T12:19:43","guid":{"rendered":"http:\/\/site.frankrobert.hu\/?page_id=192"},"modified":"2025-03-17T10:58:30","modified_gmt":"2025-03-17T10:58:30","slug":"tanacsadas","status":"publish","type":"page","link":"https:\/\/www.frankrobert.hu\/?page_id=192","title":{"rendered":"Tan\u00e1csad\u00e1s"},"content":{"rendered":"<p data-start=\"120\" data-end=\"621\">Mindenki \u00e9let\u00e9ben el\u0151fordulhatnak olyan neh\u00e9z id\u0151szakok, amikor kr\u00edzishelyzetekkel kell szemben\u00e9znie \u2013 legyen sz\u00f3 p\u00e1rkapcsolatr\u00f3l, h\u00e1zass\u00e1gr\u00f3l, csal\u00e1di probl\u00e9m\u00e1kr\u00f3l, \u00e9letvitelr\u0151l vagy munkahelyi kih\u00edv\u00e1sokr\u00f3l. Ilyenkor k\u00f6nnyen \u00fagy \u00e9rezhetj\u00fck, hogy elakadtunk, \u00e9s sz\u00fcks\u00e9g van valakire, aki seg\u00edt r\u00e1l\u00e1tni a helyzet\u00fcnkre. Lehet, hogy nem tudjuk, hogyan kezelj\u00fck a probl\u00e9m\u00e1kat, hogyan dolgozzuk fel a kialakult helyzetet, vagy hogyan l\u00e9pj\u00fcnk el\u0151re egy eg\u00e9szs\u00e9gesebb, kiegyens\u00falyozottabb lelki \u00e1llapot fel\u00e9.<\/p>\n<p data-start=\"623\" data-end=\"1066\">Ha \u00d6n is \u00fagy \u00e9rzi, hogy egyed\u00fcl m\u00e1r nem tudja megoldani a neh\u00e9zs\u00e9geit, b\u00e1tran forduljon hozz\u00e1m. Egy\u00fctt megtal\u00e1ljuk az \u00d6n sz\u00e1m\u00e1ra legmegfelel\u0151bb tan\u00e1csad\u00e1si form\u00e1t, legyen sz\u00f3 egy\u00e9ni besz\u00e9lget\u00e9sekr\u0151l, ter\u00e1pi\u00e1s foglalkoz\u00e1sr\u00f3l vagy m\u00e1s t\u00e1mogat\u00e1si lehet\u0151s\u00e9gr\u0151l, hogy \u00fajra biztons\u00e1gban \u00e9s magabiztosan \u00e9rezze mag\u00e1t. A c\u00e9lunk, hogy olyan eszk\u00f6z\u00f6ket \u00e9s megold\u00e1sokat tal\u00e1ljunk, amelyek seg\u00edtenek a probl\u00e9m\u00e1k feldolgoz\u00e1s\u00e1ban \u00e9s a szem\u00e9lyes fejl\u0151d\u00e9sben.<\/p>\n<p data-start=\"1068\" data-end=\"1314\">Ne habozzon seg\u00edts\u00e9get k\u00e9rni, hiszen mindenki meg\u00e9rdemli, hogy jobban \u00e9rezze mag\u00e1t a b\u0151r\u00e9ben, \u00e9s k\u00e9pes legyen tov\u00e1bbl\u00e9pni a neh\u00e9zs\u00e9geken. Egy\u00fctt dolgozva el\u00e9rhetj\u00fck, hogy az \u00e9let\u00e9t pozit\u00edv ir\u00e1nyba form\u00e1lja, \u00e9s \u00fajra r\u00e1tal\u00e1ljon a bels\u0151 egyens\u00falyra.<\/p>\n<p style=\"text-align: justify;\"><!--more--><\/p>\n<p>&nbsp;<\/p>\n<p><strong>T\u00e1ncter\u00e1pia<\/strong><\/p>\n<p data-start=\"52\" data-end=\"406\">A t\u00e1ncter\u00e1pia c\u00e9ljai, b\u00e1r hasonl\u00f3ak m\u00e1s ter\u00e1pi\u00e1s megk\u00f6zel\u00edt\u00e9sekhez, k\u00fcl\u00f6nleges m\u00f3don egyes\u00edtik a test \u00e9s a l\u00e9lek munk\u00e1j\u00e1t. M\u00edg m\u00e1s ter\u00e1pi\u00e1k els\u0151sorban a verb\u00e1lis kommunik\u00e1ci\u00f3ra vagy a kognit\u00edv gondolkod\u00e1sra \u00f6sszpontos\u00edtanak, a t\u00e1ncter\u00e1pia a mozg\u00e1sra \u00e9s a test \u00e9rz\u00e9kel\u00e9s\u00e9re \u00e9p\u00edt, hogy el\u0151seg\u00edtse a szem\u00e9lyes fejl\u0151d\u00e9st \u00e9s a bels\u0151 egyens\u00faly helyre\u00e1ll\u00edt\u00e1s\u00e1t.<\/p>\n<p data-start=\"408\" data-end=\"989\">A t\u00e1ncter\u00e1pi\u00e1s folyamat sor\u00e1n a kliens \u00f6nismereti utaz\u00e1sra indul, amely nemcsak a saj\u00e1t \u00e9rzelmi \u00e1llapot\u00e1t, hanem a m\u00e1sokkal val\u00f3 kapcsolat\u00e1t is jav\u00edtja. A mozg\u00e1s seg\u00edt abban, hogy tudatosabban \u00e9szlelj\u00fck \u00f6nmagunkat, jobban kapcsol\u00f3djunk a k\u00f6r\u00fcl\u00f6tt\u00fcnk l\u00e9v\u0151 vil\u00e1gra \u00e9s az emberekre, \u00edgy fejlesztve a t\u00e1rsas kapcsolatokat. A t\u00e1ncter\u00e1pia sor\u00e1n a kliensek nemcsak \u00f6n\u00e1ll\u00f3an dolgoznak a saj\u00e1t probl\u00e9m\u00e1ik feldolgoz\u00e1s\u00e1n, hanem a csoportban val\u00f3 r\u00e9szv\u00e9tel \u00e1ltal t\u00e1rsas kapcsolataik is er\u0151s\u00f6dnek, ami seg\u00edti \u0151ket abban, hogy nyitottabb\u00e1 v\u00e1ljanak, \u00e9s jobban meg\u00e9rts\u00e9k m\u00e1sok \u00e9rz\u00e9seit, reakci\u00f3it.<\/p>\n<p data-start=\"991\" data-end=\"1559\">A t\u00e1ncterapeuta nemcsak a lelki aspektusokkal foglalkozik, hanem a fizikai testtel is. Az eg\u00e9szs\u00e9ges test kialak\u00edt\u00e1sa \u00e9s fenntart\u00e1sa elengedhetetlen r\u00e9sze ennek a ter\u00e1pi\u00e1nak, mivel a test \u00e9s a l\u00e9lek szoros kapcsolatban \u00e1llnak egym\u00e1ssal. Az \u00e9let\u00fcnkben felhalmoz\u00f3d\u00f3 stressz, \u00e9rzelmi terhek, bels\u0151 konfliktusok mind hat\u00e1ssal vannak a test\u00fcnkre, gyakran fesz\u00fclts\u00e9gek, f\u00e1jdalmak vagy korl\u00e1tozott mozg\u00e1sform\u00e1k form\u00e1j\u00e1ban. A t\u00e1ncter\u00e1pia seg\u00edt felszabad\u00edtani a testet a ment\u00e1lis \u00e9s \u00e9rzelmi blokkok al\u00f3l, lehet\u0151s\u00e9get adva arra, hogy a test szabadon \u00e9s kifejez\u0151 m\u00f3don reag\u00e1ljon.<\/p>\n<p data-start=\"1561\" data-end=\"1929\">Ez a szabads\u00e1g fontos ahhoz, hogy k\u00e9pesek legy\u00fcnk megk\u00fczdeni azokkal az \u00e9rzelmekkel \u00e9s stresszel, amelyek mindennapi \u00e9let\u00fcnk r\u00e9sz\u00e9v\u00e9 v\u00e1ltak. A t\u00e1ncter\u00e1pia seg\u00edts\u00e9g\u00e9vel a test \u00fajra k\u00e9pes lesz arra, hogy \u00e9rz\u00e9kelje, feldolgozza \u00e9s kifejezze azokat az \u00e9rzelmi impulzusokat, amelyek k\u00fcl\u00f6nf\u00e9le form\u00e1kban \u2013 p\u00e9ld\u00e1ul fesz\u00fclts\u00e9gk\u00e9nt, szorong\u00e1sk\u00e9nt vagy haragk\u00e9nt \u2013 jelennek meg.<\/p>\n<p data-start=\"1931\" data-end=\"2468\">A mozg\u00e1s \u00e1ltal a kliens m\u00e9lyebb kapcsolatba ker\u00fclhet a saj\u00e1t \u00e9rz\u00e9seivel \u00e9s test\u00e9vel, felfedezhet olyan \u00e9rzelmeket, amelyeket szavakban neh\u00e9z kifejezni. A t\u00e1nc lehet\u0151s\u00e9get ad arra, hogy a kliens az \u00e9rzelmi probl\u00e9m\u00e1kat nemcsak elm\u00e9letben, hanem fizikailag is \u201emeg\u00e9lje\u201d \u00e9s feldolgozza, mik\u00f6zben fokozatosan helyre\u00e1ll a test \u00e9s l\u00e9lek k\u00f6z\u00f6tti egyens\u00faly. Az eg\u00e9szs\u00e9ges test, amely k\u00e9pes az \u00e9rzelmek szabad kifejez\u00e9s\u00e9re \u00e9s a stressz kezel\u00e9s\u00e9re, alapja a ment\u00e1lis \u00e9s lelki harm\u00f3ni\u00e1nak, \u00edgy a t\u00e1ncter\u00e1pia \u00e1tfog\u00f3 megold\u00e1st k\u00edn\u00e1l mindk\u00e9t ter\u00fcleten.<\/p>\n<p><span style=\"font-size: 1.5rem;\">\u200b<\/span><\/p>\n<p style=\"text-align: justify;\">.<\/p>\n","protected":false},"excerpt":{"rendered":"<p>Mindenki \u00e9let\u00e9ben el\u0151fordulhatnak olyan neh\u00e9z id\u0151szakok, amikor kr\u00edzishelyzetekkel kell szemben\u00e9znie \u2013 legyen sz\u00f3 p\u00e1rkapcsolatr\u00f3l, h\u00e1zass\u00e1gr\u00f3l, csal\u00e1di probl\u00e9m\u00e1kr\u00f3l, \u00e9letvitelr\u0151l vagy munkahelyi kih\u00edv\u00e1sokr\u00f3l. Ilyenkor k\u00f6nnyen \u00fagy \u00e9rezhetj\u00fck, hogy elakadtunk, \u00e9s sz\u00fcks\u00e9g van valakire, aki seg\u00edt r\u00e1l\u00e1tni a helyzet\u00fcnkre. Lehet, hogy nem tudjuk, hogyan kezelj\u00fck a probl\u00e9m\u00e1kat, hogyan dolgozzuk fel a kialakult helyzetet, vagy hogyan l\u00e9pj\u00fcnk el\u0151re egy &hellip; <\/p>\n<p class=\"link-more\"><a href=\"https:\/\/www.frankrobert.hu\/?page_id=192\" class=\"more-link\"><span class=\"screen-reader-text\">&#8220;Tan\u00e1csad\u00e1s&#8221;<\/span> b\u0151vebben<\/a><\/p>\n","protected":false},"author":1,"featured_media":453,"parent":0,"menu_order":0,"comment_status":"closed","ping_status":"closed","template":"","meta":[],"_links":{"self":[{"href":"https:\/\/www.frankrobert.hu\/index.php?rest_route=\/wp\/v2\/pages\/192"}],"collection":[{"href":"https:\/\/www.frankrobert.hu\/index.php?rest_route=\/wp\/v2\/pages"}],"about":[{"href":"https:\/\/www.frankrobert.hu\/index.php?rest_route=\/wp\/v2\/types\/page"}],"author":[{"embeddable":true,"href":"https:\/\/www.frankrobert.hu\/index.php?rest_route=\/wp\/v2\/users\/1"}],"replies":[{"embeddable":true,"href":"https:\/\/www.frankrobert.hu\/index.php?rest_route=%2Fwp%2Fv2%2Fcomments&post=192"}],"version-history":[{"count":31,"href":"https:\/\/www.frankrobert.hu\/index.php?rest_route=\/wp\/v2\/pages\/192\/revisions"}],"predecessor-version":[{"id":881,"href":"https:\/\/www.frankrobert.hu\/index.php?rest_route=\/wp\/v2\/pages\/192\/revisions\/881"}],"wp:featuredmedia":[{"embeddable":true,"href":"https:\/\/www.frankrobert.hu\/index.php?rest_route=\/wp\/v2\/media\/453"}],"wp:attachment":[{"href":"https:\/\/www.frankrobert.hu\/index.php?rest_route=%2Fwp%2Fv2%2Fmedia&parent=192"}],"curies":[{"name":"wp","href":"https:\/\/api.w.org\/{rel}","templated":true}]}}